{"id":25,"date":"2012-04-25T08:37:58","date_gmt":"2012-04-25T08:37:58","guid":{"rendered":"http:\/\/www.artdelvitrall.com\/?page_id=25"},"modified":"2014-09-24T17:29:15","modified_gmt":"2014-09-24T15:29:15","slug":"visites","status":"publish","type":"page","link":"https:\/\/www.artdelvitrall.com\/es\/visites\/","title":{"rendered":"Visitas"},"content":{"rendered":"<p><\/p>\n<div class='left-column w-50 fs'>\n<p>En la visita al taller proponemos viajar al mundo de los vitrales, a la magia de la luz y el color, al vidrio y sus secretos, al arte y la historia; en definitiva, al hecho artesanal. Un viaje para sentir los sonidos y los latidos, para vivir el hecho creativo y para seguir su evoluci\u00f3n hasta la consecuci\u00f3n de la obra.<\/p>\n<p>Adem\u00e1s de adentrarnos en el taller, veremos varios edificios con conjuntos de vitrales de gran inter\u00e9s, con el fin de completar el descubrimiento de este arte milenario. Un arte en el que el hombre ha dejado una de las huellas m\u00e1s gratificantes: la uni\u00f3n de la belleza con el hecho patrimonial y el uso del simbolismo como lenguaje universal.<\/p>\n<p>Organizamos visitas en el taller para dar a conocer el arte del vitral (oficio, historia, recorrido por los edificios emblem\u00e1ticos) a diferentes colectivos como escuelas, aulas de extensi\u00f3n universitaria, gu\u00edas tur\u00edsticos, turismo cultural, estudiantes de Bellas Artes y de Formaci\u00f3n Profesional, etc.<\/p>\n<p class=\"destacat\"><a href=\"http:\/\/www.artdelvitrall.com\/es\/contactanos\/\" title=\"Cont\u00e1ctanos\">Si desean m\u00e1s informaci\u00f3n o concertar una visita, p\u00f3nganse en contacto con nosotros aqu\u00ed.<\/a><\/p>\n<\/div>\n<div class='right-column w-50'>\n<p><img loading=\"lazy\" decoding=\"async\" src=\"http:\/\/www.artdelvitrall.com\/wp-content\/uploads\/2012\/04\/mercat-central-sabadell.jpg\" alt=\"Visita al mercat central de Sabadell\" title=\"Visita al mercado central de Sabadell\" width=\"400\" height=\"416\" class=\"aligncenter size-full wp-image-392\" srcset=\"https:\/\/www.artdelvitrall.com\/wp-content\/uploads\/2012\/04\/mercat-central-sabadell.jpg 400w, https:\/\/www.artdelvitrall.com\/wp-content\/uploads\/2012\/04\/mercat-central-sabadell-288x300.jpg 288w\" sizes=\"auto, (max-width: 400px) 100vw, 400px\" \/><\/p>\n<p><img loading=\"lazy\" decoding=\"async\" src=\"http:\/\/www.artdelvitrall.com\/wp-content\/uploads\/2012\/04\/visita-escolar.jpg\" alt=\"Visita escolar al taller\" title=\"Visita escolar\" width=\"374\" height=\"207\" class=\"aligncenter size-full wp-image-393\" srcset=\"https:\/\/www.artdelvitrall.com\/wp-content\/uploads\/2012\/04\/visita-escolar.jpg 374w, https:\/\/www.artdelvitrall.com\/wp-content\/uploads\/2012\/04\/visita-escolar-300x166.jpg 300w\" sizes=\"auto, (max-width: 374px) 100vw, 374px\" \/><\/p>\n<\/div>\n<p><\/p>","protected":false},"excerpt":{"rendered":"<p>En la visita al taller proponemos viajar al mundo de los vitrales, a la magia de la luz y el color, al vidrio y sus secretos, al arte y la historia; en definitiva, al hecho artesanal. Un viaje para sentir los sonidos y los latidos, para vivir el hecho creativo y para seguir su evoluci\u00f3n [&hellip;]<\/p>\n","protected":false},"author":1,"featured_media":0,"parent":0,"menu_order":0,"comment_status":"closed","ping_status":"open","template":"full-width-page.php","meta":{"footnotes":""},"class_list":["post-25","page","type-page","status-publish","hentry"],"amp_enabled":false,"_links":{"self":[{"href":"https:\/\/www.artdelvitrall.com\/es\/wp-json\/wp\/v2\/pages\/25","targetHints":{"allow":["GET"]}}],"collection":[{"href":"https:\/\/www.artdelvitrall.com\/es\/wp-json\/wp\/v2\/pages"}],"about":[{"href":"https:\/\/www.artdelvitrall.com\/es\/wp-json\/wp\/v2\/types\/page"}],"author":[{"embeddable":true,"href":"https:\/\/www.artdelvitrall.com\/es\/wp-json\/wp\/v2\/users\/1"}],"replies":[{"embeddable":true,"href":"https:\/\/www.artdelvitrall.com\/es\/wp-json\/wp\/v2\/comments?post=25"}],"version-history":[{"count":5,"href":"https:\/\/www.artdelvitrall.com\/es\/wp-json\/wp\/v2\/pages\/25\/revisions"}],"predecessor-version":[{"id":1383,"href":"https:\/\/www.artdelvitrall.com\/es\/wp-json\/wp\/v2\/pages\/25\/revisions\/1383"}],"wp:attachment":[{"href":"https:\/\/www.artdelvitrall.com\/es\/wp-json\/wp\/v2\/media?parent=25"}],"curies":[{"name":"wp","href":"https:\/\/api.w.org\/{rel}","templated":true}]}}