{"id":23,"date":"2012-04-25T08:37:10","date_gmt":"2012-04-25T08:37:10","guid":{"rendered":"http:\/\/www.artdelvitrall.com\/?page_id=23"},"modified":"2014-10-20T23:00:44","modified_gmt":"2014-10-20T21:00:44","slug":"cursos","status":"publish","type":"page","link":"https:\/\/www.artdelvitrall.com\/es\/cursos\/","title":{"rendered":"Cursos"},"content":{"rendered":"<p><\/p>\n<div class='left-column w-50 fs'>\n<p>La ense\u00f1anza de un oficio es siempre importante, y m\u00e1s en unos momentos en que el aprendizaje en el taller es muy dif\u00edcil. Es por eso que nuestro planteamiento para ir divulgando y ense\u00f1ando el proceso de confecci\u00f3n del vitral de una forma constante es b\u00e1sico y dedicamos a \u00e9l una parte de nuestro trabajo.<\/p>\n<p>Los cursos que impartimos tienen como finalidad aprender todos los pasos necesarios para obtener un vitral. Se trata del proyecto, el desarrollo, el patronaje, el corte del vidrio, el emplomado, la soldadura, el enmasillado y los acabados.<\/p>\n<p class=\"destacat\"><a href=\"http:\/\/www.artdelvitrall.com\/es\/contactanos\/\" title=\"Cont\u00e1ctanos\">Los cursos comienzan cuando se completa un grupo.<br \/>Por esto, no dudeis y apuntaros aqu\u00ed.<\/a><\/p>\n<\/div>\n<div class='right-column w-50'><div id=\"metaslider-id-805\" style=\"max-width: 400px;\" class=\"ml-slider-3-97-0 metaslider metaslider-nivo metaslider-805 ml-slider ms-theme-nivo-dark has-dots-nav\" role=\"region\" aria-roledescription=\"Slideshow\" aria-label=\"Cursos\" data-width=\"400\">\n    <div id=\"metaslider_container_805\">\n        <div class='slider-wrapper theme-default'><div class='ribbon'><\/div><div id='metaslider_805' class='nivoSlider'><img loading=\"lazy\" decoding=\"async\" src=\"https:\/\/www.artdelvitrall.com\/wp-content\/uploads\/2012\/04\/Cursos_1-400x300.jpg\" height=\"300\" width=\"400\" alt=\"Formaci\u00f3 te\u00f2rica\" class=\"slider-805 slide-431\" \/><img loading=\"lazy\" decoding=\"async\" src=\"https:\/\/www.artdelvitrall.com\/wp-content\/uploads\/2012\/04\/Cursos_2-400x300.jpg\" height=\"300\" width=\"400\" alt=\"Tall de vidre\" class=\"slider-805 slide-450\" \/><img loading=\"lazy\" decoding=\"async\" src=\"https:\/\/www.artdelvitrall.com\/wp-content\/uploads\/2012\/04\/Cursos_3-400x300.jpg\" height=\"300\" width=\"400\" alt=\"Composici\u00f3 del vitrall\" class=\"slider-805 slide-448\" \/><img loading=\"lazy\" decoding=\"async\" src=\"https:\/\/www.artdelvitrall.com\/wp-content\/uploads\/2012\/04\/Cursos_4-400x300.jpg\" height=\"300\" width=\"400\" alt=\"Muntatge\" class=\"slider-805 slide-437\" \/><img loading=\"lazy\" decoding=\"async\" src=\"https:\/\/www.artdelvitrall.com\/wp-content\/uploads\/2012\/04\/Cursos_5-400x300.jpg\" height=\"300\" width=\"400\" alt=\"Baixada del plom\" class=\"slider-805 slide-449\" \/><img loading=\"lazy\" decoding=\"async\" src=\"https:\/\/www.artdelvitrall.com\/wp-content\/uploads\/2012\/04\/Cursos_6-400x300.jpg\" height=\"300\" width=\"400\" alt=\"Obra finalitzada\" class=\"slider-805 slide-436\" \/><\/div><\/div>\n        \n    <\/div>\n<\/div><\/div>\n<p><\/p>","protected":false},"excerpt":{"rendered":"<p>La ense\u00f1anza de un oficio es siempre importante, y m\u00e1s en unos momentos en que el aprendizaje en el taller es muy dif\u00edcil. Es por eso que nuestro planteamiento para ir divulgando y ense\u00f1ando el proceso de confecci\u00f3n del vitral de una forma constante es b\u00e1sico y dedicamos a \u00e9l una parte de nuestro trabajo. [&hellip;]<\/p>\n","protected":false},"author":1,"featured_media":0,"parent":0,"menu_order":0,"comment_status":"closed","ping_status":"closed","template":"full-width-page.php","meta":{"footnotes":""},"class_list":["post-23","page","type-page","status-publish","hentry"],"amp_enabled":false,"_links":{"self":[{"href":"https:\/\/www.artdelvitrall.com\/es\/wp-json\/wp\/v2\/pages\/23","targetHints":{"allow":["GET"]}}],"collection":[{"href":"https:\/\/www.artdelvitrall.com\/es\/wp-json\/wp\/v2\/pages"}],"about":[{"href":"https:\/\/www.artdelvitrall.com\/es\/wp-json\/wp\/v2\/types\/page"}],"author":[{"embeddable":true,"href":"https:\/\/www.artdelvitrall.com\/es\/wp-json\/wp\/v2\/users\/1"}],"replies":[{"embeddable":true,"href":"https:\/\/www.artdelvitrall.com\/es\/wp-json\/wp\/v2\/comments?post=23"}],"version-history":[{"count":5,"href":"https:\/\/www.artdelvitrall.com\/es\/wp-json\/wp\/v2\/pages\/23\/revisions"}],"predecessor-version":[{"id":1074,"href":"https:\/\/www.artdelvitrall.com\/es\/wp-json\/wp\/v2\/pages\/23\/revisions\/1074"}],"wp:attachment":[{"href":"https:\/\/www.artdelvitrall.com\/es\/wp-json\/wp\/v2\/media?parent=23"}],"curies":[{"name":"wp","href":"https:\/\/api.w.org\/{rel}","templated":true}]}}