{"id":12,"date":"2012-04-25T08:04:15","date_gmt":"2012-04-25T08:04:15","guid":{"rendered":"http:\/\/www.artdelvitrall.com\/?page_id=12"},"modified":"2018-03-06T10:57:02","modified_gmt":"2018-03-06T09:57:02","slug":"restauracions","status":"publish","type":"page","link":"https:\/\/www.artdelvitrall.com\/es\/restauracions\/","title":{"rendered":"Restauraciones"},"content":{"rendered":"<p><\/p>\n<div class='left-column w-50 fs'>\n<p>Nuestra trayectoria y la obra restaurada avalan la calidad de nuestro trabajo. Es en las restauraciones donde se hace m\u00e1s evidente el conocimiento del oficio. Tenemos muy en cuenta la documentaci\u00f3n y el seguimiento de las normas de restauraci\u00f3n, el dominio del pintado con esmaltes y grisallas, el montaje\u2026 y, en nuestro caso, disponemos de un importante fondo de cristal \u201cde \u00e9poca\u201d.<\/p>\n<p>Hemos restaurado numerosos conjuntos modernistas, novecentistas as\u00ed como neog\u00f3ticos, tanto p\u00fablicos como privados. Como muestra, podemos citar las siguientes restauraciones de patrimonio:<\/p>\n<ul>\n<li>La Casa Lle\u00f3 Morera de Barcelona (vidrieras de la escalera y parte de la 1\u00aa y 3\u00aa rotonda).<\/li>\n<li>\nLos vitrales de la capilla de Sta. Rita de Barcelona.<\/li>\n<li>\nLa claraboya del Casal Pere Quart de Sabadell.<\/li>\n<li>\nEl biombo de Alexandre de Riquer, Barcelona.<\/li>\n<li>\nAntig\u00fco oratorio del Palacio Tolr\u00e1, Castellar del Vall\u00e8s.<\/li>\n<li>\n\u00c1bside de la iglesia de Maria Immaculada de Barcelona.<\/li>\n<li>\nVidrieras de la escalera del Ateneo de Sabadell.<\/li>\n<li>\nVitrales de la casa Pons\u00e1, Archivo Hist\u00f3rico de Sabadell.<\/li>\n<li>\nLa galeria de Can Borrell al Vall\u00e9s Occidental.<\/li>\n<li>\nLa claraboya y otras vidrieras de la casa Arim\u00f3n de Sabadell.<\/li>\n<li>\nLas vidrieras del Mercado Central de Sabadell (conjuntos de las entrades).<\/li>\n<li>\nLas puertas y la galer\u00eda del Palacio Montaner de Barcelona.<\/li>\n<li>\nPalau G\u00fcell de Barcelona (envidriado del corredor de Levante ).<\/li>\n<li>\nEdificio modernista de la Antigua Caixa Sabadell (varis).<\/li>\n<li>\nConjuntos de vitrales de la casa Serra Pons de La Garriga.<\/li>\n<li>\nAyuntamiento de Terrassa, vidrieras del Sal\u00f3n de Plenos.<\/li>\n<li>\nTeatro Principal de Terrassa, conjunto de vitrales de la fachada.<\/li>\n<li>\nEntre otros.\n<\/li>\n<\/ul>\n<\/div>\n<div class=\"right-column w-50\">\n<h3 class=\"rest\">Vidriera modernista del restaurante Euterpe de Sabadell<\/h3>\n<p><img loading=\"lazy\" decoding=\"async\" src=\"http:\/\/www.artdelvitrall.com\/wp-content\/uploads\/2014\/09\/Euterpe-Vitrall-Abans-300x209.jpg\" alt=\"Plaf\u00f3n antes de la restauraci\u00f3n\" title=\"Plaf\u00f3n antes de la restauraci\u00f3n\" width=\"300\" height=\"209\" class=\"aligncenter size-medium wp-image-986\" srcset=\"https:\/\/www.artdelvitrall.com\/wp-content\/uploads\/2014\/09\/Euterpe-Vitrall-Abans-300x209.jpg 300w, https:\/\/www.artdelvitrall.com\/wp-content\/uploads\/2014\/09\/Euterpe-Vitrall-Abans.jpg 1016w\" sizes=\"auto, (max-width: 300px) 100vw, 300px\" \/><\/p>\n<p class='tac fs'>Antes de la restauraci\u00f3n<\/p>\n<p><img loading=\"lazy\" decoding=\"async\" src=\"http:\/\/www.artdelvitrall.com\/wp-content\/uploads\/2014\/05\/Euterpe-Vitrall-Restaurat-1-300x152.jpg\" alt=\"Plaf\u00f3n despues de la restauraci\u00f3n\" title=\"Plaf\u00f3n despues de la restauraci\u00f3n\"  width=\"300\" height=\"152\" class=\"aligncenter size-medium wp-image-979\" srcset=\"https:\/\/www.artdelvitrall.com\/wp-content\/uploads\/2014\/05\/Euterpe-Vitrall-Restaurat-1-300x152.jpg 300w, https:\/\/www.artdelvitrall.com\/wp-content\/uploads\/2014\/05\/Euterpe-Vitrall-Restaurat-1.jpg 1000w\" sizes=\"auto, (max-width: 300px) 100vw, 300px\" \/><\/p>\n<p class='tac fs'>Despu\u00e9s de la restauraci\u00f3n<\/p>\n<p><img loading=\"lazy\" decoding=\"async\" src=\"http:\/\/www.artdelvitrall.com\/wp-content\/uploads\/2012\/04\/Euterpe-Vitrall-Restaurat-2-300x282.jpg\" alt=\"Plaf\u00f3n despues de la restauraci\u00f3n\" title=\"Plaf\u00f3n despues de la restauraci\u00f3n\" width=\"300\" height=\"282\" class=\"aligncenter size-medium wp-image-1000\" srcset=\"https:\/\/www.artdelvitrall.com\/wp-content\/uploads\/2012\/04\/Euterpe-Vitrall-Restaurat-2-300x282.jpg 300w, https:\/\/www.artdelvitrall.com\/wp-content\/uploads\/2012\/04\/Euterpe-Vitrall-Restaurat-2.jpg 440w\" sizes=\"auto, (max-width: 300px) 100vw, 300px\" \/><\/p>\n<p class='tac fs'>Despu\u00e9s de la restauraci\u00f3n<\/p>\n<\/div>\n<hr>\n<h2>Muestra de algunas de nuestras restauraciones<\/h2>\n<p><\/p>","protected":false},"excerpt":{"rendered":"<p>Nuestra trayectoria y la obra restaurada avalan la calidad de nuestro trabajo. Es en las restauraciones donde se hace m\u00e1s evidente el conocimiento del oficio. Tenemos muy en cuenta la documentaci\u00f3n y el seguimiento de las normas de restauraci\u00f3n, el dominio del pintado con esmaltes y grisallas, el montaje\u2026 y, en nuestro caso, disponemos de [&hellip;]<\/p>\n","protected":false},"author":1,"featured_media":0,"parent":0,"menu_order":0,"comment_status":"closed","ping_status":"closed","template":"restauracions.php","meta":{"footnotes":""},"class_list":["post-12","page","type-page","status-publish","hentry"],"amp_enabled":false,"_links":{"self":[{"href":"https:\/\/www.artdelvitrall.com\/es\/wp-json\/wp\/v2\/pages\/12","targetHints":{"allow":["GET"]}}],"collection":[{"href":"https:\/\/www.artdelvitrall.com\/es\/wp-json\/wp\/v2\/pages"}],"about":[{"href":"https:\/\/www.artdelvitrall.com\/es\/wp-json\/wp\/v2\/types\/page"}],"author":[{"embeddable":true,"href":"https:\/\/www.artdelvitrall.com\/es\/wp-json\/wp\/v2\/users\/1"}],"replies":[{"embeddable":true,"href":"https:\/\/www.artdelvitrall.com\/es\/wp-json\/wp\/v2\/comments?post=12"}],"version-history":[{"count":11,"href":"https:\/\/www.artdelvitrall.com\/es\/wp-json\/wp\/v2\/pages\/12\/revisions"}],"predecessor-version":[{"id":1360,"href":"https:\/\/www.artdelvitrall.com\/es\/wp-json\/wp\/v2\/pages\/12\/revisions\/1360"}],"wp:attachment":[{"href":"https:\/\/www.artdelvitrall.com\/es\/wp-json\/wp\/v2\/media?parent=12"}],"curies":[{"name":"wp","href":"https:\/\/api.w.org\/{rel}","templated":true}]}}